{"id":3,"date":"2020-07-13T13:04:45","date_gmt":"2020-07-13T13:04:45","guid":{"rendered":"https:\/\/www.elpastor.com\/tienda\/\/?page_id=3"},"modified":"2022-11-02T12:06:35","modified_gmt":"2022-11-02T12:06:35","slug":"politica-privacidad","status":"publish","type":"page","link":"https:\/\/www.elpastor.com\/tienda\/politica-privacidad\/","title":{"rendered":"Pol\u00edtica de privacidad"},"content":{"rendered":"\t\t<div data-elementor-type=\"wp-page\" data-elementor-id=\"3\" class=\"elementor elementor-3\">\n\t\t\t\t\t\t<div class=\"elementor-inner\">\n\t\t\t\t<div class=\"elementor-section-wrap\">\n\t\t\t\t\t\t\t\t\t<section class=\"elementor-section elementor-top-section elementor-element elementor-element-36fc6a1 elementor-section-boxed elementor-section-height-default elementor-section-height-default\" data-id=\"36fc6a1\" data-element_type=\"section\">\n\t\t\t\t\t\t<div class=\"elementor-container elementor-column-gap-default\">\n\t\t\t\t\t\t\t<div class=\"elementor-row\">\n\t\t\t\t\t<div class=\"elementor-column elementor-col-100 elementor-top-column elementor-element elementor-element-f31226a\" data-id=\"f31226a\" data-element_type=\"column\">\n\t\t\t<div class=\"elementor-column-wrap elementor-element-populated\">\n\t\t\t\t\t\t\t<div class=\"elementor-widget-wrap\">\n\t\t\t\t\t\t<div class=\"elementor-element elementor-element-3c1e1df elementor-widget elementor-widget-heading\" data-id=\"3c1e1df\" data-element_type=\"widget\" data-widget_type=\"heading.default\">\n\t\t\t\t<div class=\"elementor-widget-container\">\n\t\t\t<h2 class=\"elementor-heading-title elementor-size-default\">POL\u00cdTICA DE PRIVACIDAD<\/h2>\t\t<\/div>\n\t\t\t\t<\/div>\n\t\t\t\t\t\t<\/div>\n\t\t\t\t\t<\/div>\n\t\t<\/div>\n\t\t\t\t\t\t\t\t<\/div>\n\t\t\t\t\t<\/div>\n\t\t<\/section>\n\t\t\t\t<section class=\"elementor-section elementor-top-section elementor-element elementor-element-671bc95 elementor-section-boxed elementor-section-height-default elementor-section-height-default\" data-id=\"671bc95\" data-element_type=\"section\">\n\t\t\t\t\t\t<div class=\"elementor-container elementor-column-gap-default\">\n\t\t\t\t\t\t\t<div class=\"elementor-row\">\n\t\t\t\t\t<div class=\"elementor-column elementor-col-100 elementor-top-column elementor-element elementor-element-4bbc682\" data-id=\"4bbc682\" data-element_type=\"column\">\n\t\t\t<div class=\"elementor-column-wrap elementor-element-populated\">\n\t\t\t\t\t\t\t<div class=\"elementor-widget-wrap\">\n\t\t\t\t\t\t<div class=\"elementor-element elementor-element-755eb2b elementor-widget elementor-widget-text-editor\" data-id=\"755eb2b\" data-element_type=\"widget\" data-widget_type=\"text-editor.default\">\n\t\t\t\t<div class=\"elementor-widget-container\">\n\t\t\t\t\t\t\t\t<div class=\"elementor-text-editor elementor-clearfix\">\n\t\t\t\t<div class=\"entry-content\"><div class=\"bigta-container\"><p style=\"text-align: left;\"><strong>1. INFORMACI\u00d3N AL USUARIO\u00a0<\/strong><\/p><p><strong>\u00bfQui\u00e9n es el responsable del tratamiento de tus datos personales?<\/strong><\/p><p><strong>QUESOS EL PASTOR \u2013 HIJOS DE SALVADOR S.A.<\/strong> es el RESPONSABLE del tratamiento de los datos personales del USUARIO y le informa de que estos datos ser\u00e1n tratados de conformidad con lo dispuesto en el Reglamento (UE) 2016\/679, de 27 de abril (GDPR), y la Ley Org\u00e1nica 3\/2018, de 5 de diciembre (LOPDGDD).<\/p><p><strong>\u00bfPara qu\u00e9 tratamos tus datos personales y por qu\u00e9 lo hacemos?<\/strong><\/p><p>Seg\u00fan el formulario donde hayamos obtenido sus datos personales, los trataremos de manera confidencial para alcanzar los siguientes fines:<\/p><p>En el formulario <strong>Contacto<\/strong><\/p><ul><li>Dar respuesta a las consultas o cualquier tipo de petici\u00f3n que sea realizada por el usuario a trav\u00e9s de cualquiera de las formas de contacto que se ponen a su disposici\u00f3n en la p\u00e1gina web del responsable.<br \/><em>(por el inter\u00e9s leg\u00edtimo del responsable, art. 6.1.f GDPR)<\/em><\/li><li>Realizar an\u00e1lisis estad\u00edsticos.<br \/><em>(por el inter\u00e9s leg\u00edtimo del responsable, art. 6.1.f GDPR)<\/em><\/li><\/ul><p><span style=\"letter-spacing: 0px;\"><br \/>En el formulario <\/span><strong style=\"letter-spacing: 0px;\">Canal \u00e9tico o de denuncias<\/strong><\/p><ul><li>Para la adecuada gesti\u00f3n al canal \u00e9tico o de denuncias, tramitando las correspondientes irregularidades notificadas a trav\u00e9s del mismo, y decidiendo sobre la procedencia de iniciar una investigaci\u00f3n, al objeto de detectar posibles delitos y prevenir la imposici\u00f3n de cualquier tipo de responsabilidad al responsable u otras empresas del grupo, si procede, as\u00ed como para evitar cualquier tipo de conducta contraria a la normativa interna o externa de la entidad.<br \/><em>(para el cumplimiento de una misi\u00f3n realizada en inter\u00e9s p\u00fablico, 6.1.e GDPR)<\/em><\/li><\/ul><p><span style=\"letter-spacing: 0px;\"><br \/>En el formulario<\/span><strong style=\"letter-spacing: 0px;\"> E-commerce<\/strong><\/p><ul><li>Gestionar su compra o pedido online, procesar el pago y proceder al env\u00edo o activaci\u00f3n del mismo, en base a las condiciones generales de contrataci\u00f3n.<br \/><em>(para la ejecuci\u00f3n de un contrato o precontrato, 6.1.b GDPR)<\/em><\/li><li>Gestionar, mantener, mejorar o desarrollar los servicios prestados.<br \/><em>(para la ejecuci\u00f3n de un contrato o precontrato, 6.1.b GDPR)<\/em><\/li><\/ul><p><span style=\"letter-spacing: 0px;\"><br \/>En el formulario <\/span><strong style=\"letter-spacing: 0px;\">Newsletter<\/strong><\/p><ul><li>Remitir novedades, ofertas y promociones online.<br \/><em>(por el consentimiento del interesado, 6.1.a GDPR)<\/em><\/li><\/ul><p><br \/>En el formulario <strong>Registro de usuario<\/strong><\/p><ul><li>Gestionar la cuenta del usuario para proporcionarle un acceso personalizado a la p\u00e1gina web y a los servicios interactivos que ofrece.<br \/><em>(por el consentimiento del interesado, 6.1.a GDPR)<\/em><\/li><\/ul><p><strong>\u00a0<\/strong><\/p><p><strong>\u00bfDurante cu\u00e1nto tiempo guardaremos tus datos personales?<\/strong><\/p><p>Se conservar\u00e1n durante no m\u00e1s tiempo del necesario para mantener el fin del tratamiento o existan prescripciones legales que dictaminen su custodia y cuando ya no sea necesario para ello, se suprimir\u00e1n con medidas de seguridad adecuadas para garantizar la anonimizaci\u00f3n de los datos o la destrucci\u00f3n total de los mismos.<\/p><p><strong style=\"letter-spacing: 0px;\">\u00bfA qui\u00e9n facilitamos sus datos personales?<\/strong><\/p><p>No est\u00e1 prevista ninguna comunicaci\u00f3n de datos personales a terceros salvo, si fuese necesario para el desarrollo y ejecuci\u00f3n de las finalidades del tratamiento, a nuestros proveedores de servicios relacionados con comunicaciones, con los cuales el RESPONSABLE tiene suscritos los contratos de confidencialidad y de encargado de tratamiento exigidos por la normativa vigente de privacidad.<\/p><p><strong>\u00bfCu\u00e1les son tus derechos?<\/strong><\/p><p>Los derechos que asisten al USUARIO son:<\/p><ul><li>Derecho a retirar el consentimiento en cualquier momento.<\/li><li>Derecho de acceso, rectificaci\u00f3n, portabilidad y supresi\u00f3n de sus datos, y de limitaci\u00f3n u oposici\u00f3n a su tratamiento.<\/li><li>Derecho a presentar una reclamaci\u00f3n ante la autoridad de control (www.aepd.es) si considera que el tratamiento no se ajusta a la normativa vigente.<\/li><\/ul><p><strong>\u00a0<\/strong><\/p><p><strong>Datos de contacto para ejercer sus derechos:<\/strong><br \/>QUESOS EL PASTOR \u2013 HIJOS DE SALVADOR S.A.. Ctra. Mozar, Km 1 \u2013 49620 Santa Cristina de la Polvorosa (Zamora). E-mail: rgpd@elpastor.com<\/p><p><strong>\u00a0<\/strong><\/p><p><strong>2. CAR\u00c1CTER OBLIGATORIO O FACULTATIVO DE LA INFORMACI\u00d3N FACILITADA POR EL USUARIO<\/strong><\/p><p>Los USUARIOS, mediante la marcaci\u00f3n de las casillas correspondientes y la entrada de datos en los campos, marcados con un asterisco (*) en el formulario de contacto o presentados en los distintos formularios, aceptan expresamente y de forma libre e inequ\u00edvoca, que sus datos son necesarios para atender su petici\u00f3n, por parte del prestador, siendo voluntaria la inclusi\u00f3n de datos en los campos restantes. El USUARIO garantiza que los datos personales facilitados al RESPONSABLE son veraces y se hace responsable de comunicar cualquier modificaci\u00f3n de los mismos.<\/p><p>El RESPONSABLE informa de que todos los datos solicitados a trav\u00e9s del sitio web son obligatorios, ya que son necesarios para la prestaci\u00f3n de un servicio \u00f3ptimo al USUARIO. En caso de que no se faciliten todos los datos, no se garantiza que la informaci\u00f3n y servicios facilitados sean completamente ajustados a sus necesidades.<\/p><p><strong>\u00a0<\/strong><\/p><p><strong>3. MEDIDAS DE SEGURIDAD<\/strong><\/p><p>Que de conformidad con lo dispuesto en las normativas vigentes en protecci\u00f3n de datos personales, el RESPONSABLE est\u00e1 cumpliendo con todas las disposiciones de las normativas GDPR y LOPDGDD para el tratamiento de los datos personales de su responsabilidad, y manifiestamente con los principios descritos en el art\u00edculo 5 del GDPR, por los cuales son tratados de manera l\u00edcita, leal y transparente en relaci\u00f3n con el interesado y adecuados, pertinentes y limitados a lo necesario en relaci\u00f3n con los fines para los que son tratados.<\/p><p>El RESPONSABLE garantiza que ha implementado pol\u00edticas t\u00e9cnicas y organizativas apropiadas para aplicar las medidas de seguridad que establecen el GDPR y la LOPDGDD con el fin de proteger los derechos y libertades de los\u00a0<span style=\"letter-spacing: 0px;\">USUARIOS y les ha comunicado la informaci\u00f3n adecuada para que puedan ejercerlos.<\/span><\/p><p>Para m\u00e1s informaci\u00f3n sobre las garant\u00edas de privacidad, puedes dirigirte alRESPONSABLE a trav\u00e9s de QUESOS EL PASTOR \u2013 HIJOS DE SALVADOR S.A.. Ctra. Mozar, Km 1 \u2013 49620 Santa Cristina de la Polvorosa (Zamora). E-mail: rgpd@elpastor.com<\/p><\/div><\/div>\t\t\t\t\t<\/div>\n\t\t\t\t\t\t<\/div>\n\t\t\t\t<\/div>\n\t\t\t\t\t\t<\/div>\n\t\t\t\t\t<\/div>\n\t\t<\/div>\n\t\t\t\t\t\t\t\t<\/div>\n\t\t\t\t\t<\/div>\n\t\t<\/section>\n\t\t\t\t\t\t\t\t\t<\/div>\n\t\t\t<\/div>\n\t\t\t\t\t<\/div>\n\t\t","protected":false},"excerpt":{"rendered":"<p>POL\u00cdTICA DE PRIVACIDAD 1. INFORMACI\u00d3N AL USUARIO\u00a0 \u00bfQui\u00e9n es el responsable del tratamiento de tus datos personales? QUESOS EL PASTOR \u2013 HIJOS DE SALVADOR S.A. es el RESPONSABLE del tratamiento de los datos personales del USUARIO y le informa de que estos datos ser\u00e1n tratados de conformidad con lo dispuesto en el Reglamento (UE) 2016\/679,&hellip;&nbsp;<a href=\"https:\/\/www.elpastor.com\/tienda\/politica-privacidad\/\" class=\"\" rel=\"bookmark\">Leer m\u00e1s &raquo;<span class=\"screen-reader-text\">Pol\u00edtica de privacidad<\/span><\/a><\/p>\n","protected":false},"author":1,"featured_media":0,"parent":0,"menu_order":0,"comment_status":"closed","ping_status":"open","template":"page-templates\/template-pagebuilder-full-width.php","meta":{"neve_meta_sidebar":"","neve_meta_container":"","neve_meta_enable_content_width":"off","neve_meta_content_width":0,"neve_meta_title_alignment":"","neve_meta_author_avatar":"","neve_post_elements_order":"","neve_meta_disable_header":"","neve_meta_disable_footer":"","neve_meta_disable_title":"","footnotes":""},"yoast_head":"<!-- This site is optimized with the Yoast SEO plugin v21.4 - https:\/\/yoast.com\/wordpress\/plugins\/seo\/ -->\n<title>Pol\u00edtica de privacidad - Quesos El Pastor - Tienda Online<\/title>\n<meta name=\"robots\" content=\"noindex, follow\" \/>\n<meta property=\"og:locale\" content=\"es_ES\" \/>\n<meta property=\"og:type\" content=\"article\" \/>\n<meta property=\"og:title\" content=\"Pol\u00edtica de privacidad - Quesos El Pastor - Tienda Online\" \/>\n<meta property=\"og:description\" content=\"POL\u00cdTICA DE PRIVACIDAD 1. INFORMACI\u00d3N AL USUARIO\u00a0 \u00bfQui\u00e9n es el responsable del tratamiento de tus datos personales? QUESOS EL PASTOR \u2013 HIJOS DE SALVADOR S.A. es el RESPONSABLE del tratamiento de los datos personales del USUARIO y le informa de que estos datos ser\u00e1n tratados de conformidad con lo dispuesto en el Reglamento (UE) 2016\/679,&hellip;&nbsp;Leer m\u00e1s &raquo;Pol\u00edtica de privacidad\" \/>\n<meta property=\"og:url\" content=\"https:\/\/www.elpastor.com\/tienda\/politica-privacidad\/\" \/>\n<meta property=\"og:site_name\" content=\"Quesos El Pastor - Tienda Online\" \/>\n<meta property=\"article:modified_time\" content=\"2022-11-02T12:06:35+00:00\" \/>\n<meta name=\"twitter:card\" content=\"summary_large_image\" \/>\n<meta name=\"twitter:label1\" content=\"Tiempo de lectura\" \/>\n\t<meta name=\"twitter:data1\" content=\"5 minutos\" \/>\n<!-- \/ Yoast SEO plugin. -->","yoast_head_json":{"title":"Pol\u00edtica de privacidad - Quesos El Pastor - Tienda Online","robots":{"index":"noindex","follow":"follow"},"og_locale":"es_ES","og_type":"article","og_title":"Pol\u00edtica de privacidad - Quesos El Pastor - Tienda Online","og_description":"POL\u00cdTICA DE PRIVACIDAD 1. INFORMACI\u00d3N AL USUARIO\u00a0 \u00bfQui\u00e9n es el responsable del tratamiento de tus datos personales? QUESOS EL PASTOR \u2013 HIJOS DE SALVADOR S.A. es el RESPONSABLE del tratamiento de los datos personales del USUARIO y le informa de que estos datos ser\u00e1n tratados de conformidad con lo dispuesto en el Reglamento (UE) 2016\/679,&hellip;&nbsp;Leer m\u00e1s &raquo;Pol\u00edtica de privacidad","og_url":"https:\/\/www.elpastor.com\/tienda\/politica-privacidad\/","og_site_name":"Quesos El Pastor - Tienda Online","article_modified_time":"2022-11-02T12:06:35+00:00","twitter_card":"summary_large_image","twitter_misc":{"Tiempo de lectura":"5 minutos"},"schema":{"@context":"https:\/\/schema.org","@graph":[{"@type":"WebPage","@id":"https:\/\/www.elpastor.com\/tienda\/politica-privacidad\/","url":"https:\/\/www.elpastor.com\/tienda\/politica-privacidad\/","name":"Pol\u00edtica de privacidad - Quesos El Pastor - Tienda Online","isPartOf":{"@id":"https:\/\/www.elpastor.com\/tienda\/#website"},"datePublished":"2020-07-13T13:04:45+00:00","dateModified":"2022-11-02T12:06:35+00:00","breadcrumb":{"@id":"https:\/\/www.elpastor.com\/tienda\/politica-privacidad\/#breadcrumb"},"inLanguage":"es","potentialAction":[{"@type":"ReadAction","target":["https:\/\/www.elpastor.com\/tienda\/politica-privacidad\/"]}]},{"@type":"BreadcrumbList","@id":"https:\/\/www.elpastor.com\/tienda\/politica-privacidad\/#breadcrumb","itemListElement":[{"@type":"ListItem","position":1,"name":"Portada","item":"https:\/\/www.elpastor.com\/tienda\/"},{"@type":"ListItem","position":2,"name":"Pol\u00edtica de privacidad"}]},{"@type":"WebSite","@id":"https:\/\/www.elpastor.com\/tienda\/#website","url":"https:\/\/www.elpastor.com\/tienda\/","name":"Quesos El Pastor - Tienda Online","description":"Un mundo lleno de sabores","publisher":{"@id":"https:\/\/www.elpastor.com\/tienda\/#organization"},"potentialAction":[{"@type":"SearchAction","target":{"@type":"EntryPoint","urlTemplate":"https:\/\/www.elpastor.com\/tienda\/?s={search_term_string}"},"query-input":"required name=search_term_string"}],"inLanguage":"es"},{"@type":"Organization","@id":"https:\/\/www.elpastor.com\/tienda\/#organization","name":"Quesos El Pastor - Tienda Online","url":"https:\/\/www.elpastor.com\/tienda\/","logo":{"@type":"ImageObject","inLanguage":"es","@id":"https:\/\/www.elpastor.com\/tienda\/#\/schema\/logo\/image\/","url":"https:\/\/www.elpastor.com\/tienda\/wp-content\/uploads\/2020\/08\/quesos-el-pastor-logo.png","contentUrl":"https:\/\/www.elpastor.com\/tienda\/wp-content\/uploads\/2020\/08\/quesos-el-pastor-logo.png","width":320,"height":215,"caption":"Quesos El Pastor - Tienda Online"},"image":{"@id":"https:\/\/www.elpastor.com\/tienda\/#\/schema\/logo\/image\/"}}]}},"_links":{"self":[{"href":"https:\/\/www.elpastor.com\/tienda\/wp-json\/wp\/v2\/pages\/3"}],"collection":[{"href":"https:\/\/www.elpastor.com\/tienda\/wp-json\/wp\/v2\/pages"}],"about":[{"href":"https:\/\/www.elpastor.com\/tienda\/wp-json\/wp\/v2\/types\/page"}],"author":[{"embeddable":true,"href":"https:\/\/www.elpastor.com\/tienda\/wp-json\/wp\/v2\/users\/1"}],"replies":[{"embeddable":true,"href":"https:\/\/www.elpastor.com\/tienda\/wp-json\/wp\/v2\/comments?post=3"}],"version-history":[{"count":18,"href":"https:\/\/www.elpastor.com\/tienda\/wp-json\/wp\/v2\/pages\/3\/revisions"}],"predecessor-version":[{"id":2598,"href":"https:\/\/www.elpastor.com\/tienda\/wp-json\/wp\/v2\/pages\/3\/revisions\/2598"}],"wp:attachment":[{"href":"https:\/\/www.elpastor.com\/tienda\/wp-json\/wp\/v2\/media?parent=3"}],"curies":[{"name":"wp","href":"https:\/\/api.w.org\/{rel}","templated":true}]}}